{"id":4089,"date":"2025-11-26T20:45:17","date_gmt":"2025-11-26T19:45:17","guid":{"rendered":"https:\/\/www.2700kelvin.se\/home\/?page_id=4089"},"modified":"2026-03-11T21:36:31","modified_gmt":"2026-03-11T20:36:31","slug":"forelasningar-och-workshops","status":"publish","type":"page","link":"https:\/\/www.2700kelvin.se\/home\/forelasningar-och-workshops\/","title":{"rendered":"Ljusdesign och ljuss\u00e4ttning; f\u00f6rel\u00e4sningar, workshops och kurser"},"content":{"rendered":"\t\t<div data-elementor-type=\"wp-page\" data-elementor-id=\"4089\" class=\"elementor elementor-4089\">\n\t\t\t\t\t\t<section class=\"elementor-section elementor-top-section elementor-element elementor-element-b047a4d elementor-section-boxed elementor-section-height-default elementor-section-height-default\" data-id=\"b047a4d\" data-element_type=\"section\">\n\t\t\t\t\t\t<div class=\"elementor-container elementor-column-gap-default\">\n\t\t\t\t\t<div class=\"elementor-column elementor-col-100 elementor-top-column elementor-element elementor-element-59b0d1e\" data-id=\"59b0d1e\" data-element_type=\"column\">\n\t\t\t<div class=\"elementor-widget-wrap elementor-element-populated\">\n\t\t\t\t\t\t<div class=\"elementor-element elementor-element-1968153 elementor-widget elementor-widget-text-editor\" data-id=\"1968153\" data-element_type=\"widget\" data-widget_type=\"text-editor.default\">\n\t\t\t\t<div class=\"elementor-widget-container\">\n\t\t\t\t\t\t\t\t\t<h2 style=\"text-align: center;\">\u00a0<strong style=\"font-size: 19px; text-align: center;\">Inspiration och kunskap om hur ljus p\u00e5verkar rum, m\u00e4nniskor och upplevelser &#8211; f\u00f6r f\u00f6reningar, f\u00f6retag och event.<\/strong><\/h2><h2 dir=\"ltr\" style=\"line-height: 1.44; background-color: #ffffff; margin-top: 0pt; margin-bottom: 0pt; padding: 0pt 0pt 8pt 0pt;\"><span style=\"font-size: 12pt; font-family: Arial,sans-serif; color: #1c1c1c; background-color: transparent; font-weight: 400; font-style: normal; font-variant: normal; text-decoration: none; vertical-align: baseline; white-space: pre-wrap;\">Det \u00e4r alltid lika upplyftande och roligt att f\u00e5 inspirera om ljuss\u00e4ttning som jag brinner f\u00f6r och f\u00f6rhoppningsvis v\u00e4cka intresse, nyfikenhet och lusten att utforska \u00e4mnet hos deltagarna. M\u00e5let \u00e4r alltid att ge \u00e5h\u00f6raren nya tankar och id\u00e9er f\u00f6r att utforska omr\u00e5det vidare. Minst ett par aha-upplevelser att ta med sig n\u00e4r f\u00f6rel\u00e4sningen \u00e4r \u00f6ver kan jag garantera. G\u00e4rna kryddad med aspekter runt h\u00e5llbarhetsfr\u00e5gorna. Lis gerna mera om 2700kelvin <a href=\"https:\/\/www.2700kelvin.se\/home\/belysningskonsultation-i-stockholm-eller-via-webben\/\">h\u00e4r<\/a><\/span><\/h2><h2 dir=\"ltr\" style=\"line-height: 1.44; background-color: #ffffff; margin-top: 0pt; margin-bottom: 0pt; padding: 0pt 0pt 8pt 0pt;\"><span style=\"font-size: 12pt; font-family: Arial,sans-serif; color: #1c1c1c; background-color: transparent; font-weight: 400; font-style: normal; font-variant: normal; text-decoration: none; vertical-align: baseline; white-space: pre-wrap;\">Jag \u00e4r en van f\u00f6rel\u00e4sare och h\u00e5ller g\u00e4rna f\u00f6rel\u00e4sningar om ljuss\u00e4ttning, form och trender. Jag erbjuder f\u00f6rel\u00e4sningar f\u00f6r mindre eller st\u00f6rre grupper. F\u00f6rel\u00e4sningen tar oftast 45 &#8211; 90 minuter med m\u00f6jlighet att st\u00e4lla fr\u00e5gor och f\u00f6ra diskussion.<\/span><\/h2><h2 dir=\"ltr\" style=\"line-height: 1.44; background-color: #ffffff; margin-top: 0pt; margin-bottom: 0pt; padding: 0pt 0pt 8pt 0pt;\"><span style=\"font-size: 12pt; font-family: Arial,sans-serif; color: #4f4f4f; background-color: transparent; font-weight: 400; font-style: normal; font-variant: normal; text-decoration: none; vertical-align: baseline; white-space: pre-wrap;\">F\u00f6rel\u00e4sningar har jag bland annat h\u00e5llit p\u00e5 flera Tr\u00e4dg\u00e5rdsf\u00f6reningar och Hyresg\u00e4stf\u00f6reningar.\u00a0<\/span><\/h2><h2 dir=\"ltr\" style=\"line-height: 1.44; background-color: #ffffff; margin-top: 0pt; margin-bottom: 0pt; padding: 0pt 0pt 8pt 0pt;\"><span style=\"font-size: 12pt; font-family: Arial,sans-serif; color: #000000; background-color: transparent; font-weight: 400; font-style: normal; font-variant: normal; text-decoration: none; vertical-align: baseline; white-space: pre-wrap;\">I workshops ligger fokus p\u00e5 att f\u00f6rst\u00e5 vikten av bra och intressant ljuss\u00e4ttning. Oavsett om du planerar en kundkv\u00e4ll, ett event eller en fortbildning f\u00f6r inredare, kan jag komma till er och dela med mig av insikter som hj\u00e4lper er att arbeta mer strategiskt och kreativt med belysning.\u00a0<\/span><\/h2><h2 dir=\"ltr\" style=\"line-height: 1.44; background-color: #ffffff; margin-top: 0pt; margin-bottom: 0pt; padding: 0pt 0pt 8pt 0pt;\"><span style=\"font-size: 12pt; font-family: Arial,sans-serif; color: #000000; background-color: transparent; font-weight: 400; font-style: normal; font-variant: normal; text-decoration: none; vertical-align: baseline; white-space: pre-wrap;\">Uppdragsgivare har exempelvis varit IKEA-Lighting &amp; Home Smart och Medborgarskolan Stockholm.<\/span><\/h2><p><span style=\"font-size: 12pt; font-family: Arial, sans-serif; color: #000000; background-color: transparent; font-variant-numeric: normal; font-variant-east-asian: normal; font-variant-alternates: normal; font-variant-position: normal; font-variant-emoji: normal; vertical-align: baseline; white-space-collapse: preserve;\">\u00a0<\/span><span style=\"font-size: 12pt; font-family: Arial, sans-serif; color: #1c1c1c; background-color: transparent; font-variant-numeric: normal; font-variant-east-asian: normal; font-variant-alternates: normal; font-variant-position: normal; font-variant-emoji: normal; vertical-align: baseline; white-space-collapse: preserve;\">F\u00f6r kostnadsf\u00f6rslag och bokning skicka ett mail till info@2700kelvin.se<\/span><\/p><h1 class=\"mb-3 h3\">\u00a0<\/h1><p class=\"mb-3 h3\"><a href=\"https:\/\/svensktradgard.se\/tradgardsforeningar\/\">\u00c5terkoppling efter f\u00f6rel\u00e4sningar hos medlemmar Riksf\u00f6rbundet Svensk Tr\u00e4dg\u00e5rd<\/a><\/p><p><i><span style=\"font-weight: 400;\">\u201cTack Charlotte! Skjutsade hem en ny medlem. Hon var s\u00e5 n\u00f6jd. \u00c5tergav s\u00e5 m\u00e5nga detaljer av ditt f\u00f6redrag \u200b, hon har verkligen lyssnat och lagt p\u00e5 minnet. S\u00e5 skoj!\u201d<\/span><\/i><\/p><p><i><span style=\"font-weight: 400;\">\u201cTack f\u00f6r en mycket trevlig och informativ afton i Nora tr\u00e4dg\u00e5rd\u200b. Flera deltagare har uttryckt sin uppskattning<\/span><\/i><i><span style=\"font-weight: 400;\">\u200b Tack f\u00f6r nu &#8211; en mycket trevlig bekantskap. <\/span><\/i><i><span style=\"font-weight: 400;\">Ha ett underbart liv&#8221;<\/span><\/i><\/p><p><i><span style=\"font-weight: 400;\">\u201cM\u00e5nga gl\u00f6dlampor som t\u00e4ndes i v\u00e5ra huvuden ig\u00e5r kv\u00e4llTusen tack f\u00f6r ett energigivande och engagerat f\u00f6redrag med mycket att ta till sig att sm\u00e4lta Tror vi var m\u00e5nga som fick flera ljusa tankar och m\u00e5nga nya kunskaper som vi kan oms\u00e4tta i ljus b\u00e5de ute och inne.\u201d<\/span><\/i><\/p>\t\t\t\t\t\t\t\t<\/div>\n\t\t\t\t<\/div>\n\t\t\t\t\t<\/div>\n\t\t<\/div>\n\t\t\t\t\t<\/div>\n\t\t<\/section>\n\t\t\t\t<\/div>\n\t\t","protected":false},"excerpt":{"rendered":"<p>\u00a0Inspiration och kunskap om hur ljus p\u00e5verkar rum, m\u00e4nniskor och upplevelser &#8211; f\u00f6r f\u00f6reningar, f\u00f6retag och event. Det \u00e4r alltid lika upplyftande och roligt att f\u00e5 inspirera om ljuss\u00e4ttning som jag brinner f\u00f6r och f\u00f6rhoppningsvis v\u00e4cka intresse, nyfikenhet och lusten att utforska \u00e4mnet hos deltagarna. M\u00e5let \u00e4r alltid att ge \u00e5h\u00f6raren nya tankar och id\u00e9er f\u00f6r att utforska omr\u00e5det vidare. Minst ett par aha-upplevelser att ta med sig n\u00e4r f\u00f6rel\u00e4sningen \u00e4r \u00f6ver kan jag garantera. G\u00e4rna kryddad med aspekter runt h\u00e5llbarhetsfr\u00e5gorna. Lis gerna mera om 2700kelvin h\u00e4r Jag \u00e4r en van f\u00f6rel\u00e4sare och h\u00e5ller g\u00e4rna f\u00f6rel\u00e4sningar om ljuss\u00e4ttning, form och trender. Jag erbjuder f\u00f6rel\u00e4sningar f\u00f6r mindre eller st\u00f6rre grupper. F\u00f6rel\u00e4sningen tar oftast 45 &#8211; 90 minuter med m\u00f6jlighet att st\u00e4lla fr\u00e5gor och f\u00f6ra diskussion. F\u00f6rel\u00e4sningar har jag bland annat h\u00e5llit p\u00e5 flera Tr\u00e4dg\u00e5rdsf\u00f6reningar och Hyresg\u00e4stf\u00f6reningar.\u00a0 I workshops ligger fokus p\u00e5 att f\u00f6rst\u00e5 vikten av bra och intressant ljuss\u00e4ttning. Oavsett om du planerar en kundkv\u00e4ll, ett event eller en fortbildning f\u00f6r inredare, kan jag komma till er och dela med mig av insikter som hj\u00e4lper er att arbeta mer strategiskt och kreativt med belysning.\u00a0 Uppdragsgivare har exempelvis varit IKEA-Lighting &amp; Home Smart och Medborgarskolan Stockholm. \u00a0F\u00f6r kostnadsf\u00f6rslag och bokning skicka ett [&hellip;]<\/p>\n","protected":false},"author":1,"featured_media":0,"parent":0,"menu_order":0,"comment_status":"closed","ping_status":"closed","template":"","meta":{"_acf_changed":false,"_mo_disable_npp":"","om_disable_all_campaigns":false,"_monsterinsights_skip_tracking":false,"_monsterinsights_sitenote_active":false,"_monsterinsights_sitenote_note":"","_monsterinsights_sitenote_category":0,"_uf_show_specific_survey":0,"_uf_disable_surveys":false,"_themeisle_gutenberg_block_has_review":false,"footnotes":""},"class_list":["post-4089","page","type-page","status-publish","hentry"],"acf":[],"aioseo_notices":[],"_links":{"self":[{"href":"https:\/\/www.2700kelvin.se\/home\/wp-json\/wp\/v2\/pages\/4089","targetHints":{"allow":["GET"]}}],"collection":[{"href":"https:\/\/www.2700kelvin.se\/home\/wp-json\/wp\/v2\/pages"}],"about":[{"href":"https:\/\/www.2700kelvin.se\/home\/wp-json\/wp\/v2\/types\/page"}],"author":[{"embeddable":true,"href":"https:\/\/www.2700kelvin.se\/home\/wp-json\/wp\/v2\/users\/1"}],"replies":[{"embeddable":true,"href":"https:\/\/www.2700kelvin.se\/home\/wp-json\/wp\/v2\/comments?post=4089"}],"version-history":[{"count":30,"href":"https:\/\/www.2700kelvin.se\/home\/wp-json\/wp\/v2\/pages\/4089\/revisions"}],"predecessor-version":[{"id":4477,"href":"https:\/\/www.2700kelvin.se\/home\/wp-json\/wp\/v2\/pages\/4089\/revisions\/4477"}],"wp:attachment":[{"href":"https:\/\/www.2700kelvin.se\/home\/wp-json\/wp\/v2\/media?parent=4089"}],"curies":[{"name":"wp","href":"https:\/\/api.w.org\/{rel}","templated":true}]}}